{"id":124833,"date":"2026-04-27T17:35:23","date_gmt":"2026-04-27T15:35:23","guid":{"rendered":"https:\/\/www.afg.asso.fr\/?post_type=event&#038;p=124833"},"modified":"2026-04-27T17:35:26","modified_gmt":"2026-04-27T15:35:26","slug":"26e-rencontres-economiques-daix-en-provence","status":"publish","type":"event","link":"https:\/\/www.afg.asso.fr\/fr\/event\/26e-rencontres-economiques-daix-en-provence\/","title":{"rendered":"26e Rencontres \u00c9conomiques d&rsquo;Aix en Provence"},"content":{"rendered":"\n<p><strong>Le forum \u00e9conomique incontournable en Europe &#8211; 3 jours de d\u00e9bats ouvert \u00e0 tous et gratuits, auront cette ann\u00e9e pour fil conducteur le th\u00e8me <\/strong><em><strong>\u00ab\u00a0Naviguer dans un monde sans rep\u00e8re<\/strong>\u00ab\u00a0<strong>.<\/strong><\/em><br>3 jours de d\u00e9bats ouverts \u00e0 tous et gratuits<\/p>\n\n\n\n<p>Chefs d\u2019entreprise, universitaires, chefs d\u2019\u00c9tat et de gouvernement, repr\u00e9sentants syndicaux, \u00e9tudiants, acteurs du monde associatif\u2026 pr\u00e8s de 400 personnalit\u00e9s de haut niveau et de tous horizons d\u00e9battront des grands enjeux \u00e9conomiques, politiques et sociaux.<\/p>\n\n\n\n<p class=\"has-white-color has-blue-background-color has-text-color has-background has-link-color wp-elements-d932c469d80c150345cd390ad1234e36\"><strong>Du jeudi 2 au samedi 4 juillet 2026<br>Aix-en-Provence, Parc Jourdan et \u00e0 distance<br><a href=\"https:\/\/www.lesrencontreseconomiques.fr\/\" target=\"_blank\" rel=\"noreferrer noopener\">En savoir plus <\/a><\/strong><\/p>\n\n\n\n<p>A noter : Intervention de <strong>Philippe SETBON,<\/strong> Pr\u00e9sident de l&rsquo;AFG, le vendredi 3 juillet 202626, 16h30 \u00e0 17h30, \u00e0 la session <strong><em>S35 \u00ab\u00a0Fonds souverains : le capital national comme arme de puissance ?\u00a0\u00ab\u00a0<\/em><\/strong>.<\/p>\n\n\n\n<p><\/p>\n","protected":false},"featured_media":124834,"template":"","thematics":[112,41],"top_contenu":[],"class_list":["post-124833","event","type-event","status-publish","has-post-thumbnail","hentry","thematics-epargne_retraite","thematics-finance-durable"],"acf":[],"_links":{"self":[{"href":"https:\/\/www.afg.asso.fr\/fr\/wp-json\/wp\/v2\/event\/124833","targetHints":{"allow":["GET"]}}],"collection":[{"href":"https:\/\/www.afg.asso.fr\/fr\/wp-json\/wp\/v2\/event"}],"about":[{"href":"https:\/\/www.afg.asso.fr\/fr\/wp-json\/wp\/v2\/types\/event"}],"version-history":[{"count":0,"href":"https:\/\/www.afg.asso.fr\/fr\/wp-json\/wp\/v2\/event\/124833\/revisions"}],"wp:featuredmedia":[{"embeddable":true,"href":"https:\/\/www.afg.asso.fr\/fr\/wp-json\/wp\/v2\/media\/124834"}],"wp:attachment":[{"href":"https:\/\/www.afg.asso.fr\/fr\/wp-json\/wp\/v2\/media?parent=124833"}],"wp:term":[{"taxonomy":"thematics","embeddable":true,"href":"https:\/\/www.afg.asso.fr\/fr\/wp-json\/wp\/v2\/thematics?post=124833"},{"taxonomy":"top_contenu","embeddable":true,"href":"https:\/\/www.afg.asso.fr\/fr\/wp-json\/wp\/v2\/top_contenu?post=124833"}],"curies":[{"name":"wp","href":"https:\/\/api.w.org\/{rel}","templated":true}]}}