{"id":124746,"date":"2026-04-22T08:58:00","date_gmt":"2026-04-22T06:58:00","guid":{"rendered":"https:\/\/www.afg.asso.fr\/?post_type=event&#038;p=124746"},"modified":"2026-04-21T15:41:50","modified_gmt":"2026-04-21T13:41:50","slug":"sobriete-numerique-sgp_point-sur","status":"publish","type":"event","link":"https:\/\/www.afg.asso.fr\/fr\/event\/sobriete-numerique-sgp_point-sur\/","title":{"rendered":"\u00ab\u00a0Point Sur\u00a0\u00bb les bonnes pratiques pour une sobri\u00e9t\u00e9 num\u00e9rique dans les soci\u00e9t\u00e9s de gestion"},"content":{"rendered":"\n<p class=\"has-white-color has-blue-background-color has-text-color has-background has-link-color wp-elements-963773e0977d4eebc7516d150566198d\"><strong>Mercredi 20 mai 2026<br>17h00-18h30<br>100% digital<br>R\u00e9serv\u00e9 aux membres AFG &#8211; <a href=\"evenements@afg.asso.fr\">En savoir plus<\/a> <\/strong><\/p>\n\n\n\n<p>Face \u00e0 la mont\u00e9e en puissance des usages num\u00e9riques et \u00e0 leur impact environnemental croissant, la <strong>sobri\u00e9t\u00e9 num\u00e9rique est d\u00e9sormais un enjeu strat\u00e9gique<\/strong> pour les soci\u00e9t\u00e9s de gestion, \u00e0 la crois\u00e9e des imp\u00e9ratifs \u00e9conomiques, r\u00e9glementaires et environnementaux.<br>L\u2019AFG accompagne ses membres en publiant un <strong>guide<\/strong>, riche en donn\u00e9es sur l\u2019empreinte num\u00e9rique notamment de l\u2019IA,<strong> et ses 9 fiches op\u00e9rationnelles d\u00e9di\u00e9es aux bonnes pratiques de la sobri\u00e9t\u00e9 num\u00e9rique,<\/strong> con\u00e7u comme un outil concret pour structurer une d\u00e9marche efficace, mesurable et adapt\u00e9e aux r\u00e9alit\u00e9s er exigences m\u00e9tiers.<\/p>\n\n\n\n<p>\u00c0 l\u2019occasion de <strong>ce \u00ab Point Sur \u00bb exclusif, <\/strong>venez d\u00e9couvrir ce guide et ses 9 fiches pratiques, qui couvrent l\u2019ensemble des leviers d\u2019actions, de la gouvernance \u00e0 la formation des \u00e9quipes, en passant par les mesures d\u2019impact, les \u00e9quipements, les donn\u00e9es, le cloud ou actifs num\u00e9riques,\u00a0et comprendre :<br>1.\u00a0\u00a0 \u00a0Les principaux enjeux et risques li\u00e9s \u00e0 l\u2019empreinte num\u00e9rique ;\u00a0<br>2.\u00a0\u00a0 \u00a0Les actions \u00e0 mettre en \u0153uvre pour limiter cette empreinte ;<br>3.\u00a0\u00a0 \u00a0Les actions prioritaires (\u00ab quick wins \u00bb) d\u00e9ployables rapidement, \u00e0 fort impact de sobri\u00e9t\u00e9 ;\u00a0<br>4.\u00a0\u00a0 \u00a0Les leviers structurants pour inscrire la sobri\u00e9t\u00e9 num\u00e9rique dans votre strat\u00e9gie (achats, IT, data, cloud, RSE\u2026) ;\u00a0<br>5.\u00a0\u00a0 \u00a0Les outils de pilotage et de mesure pour suivre votre trajectoire dans le temps.\u00a0<br><br><strong>Vous \u00eates dirigeant de soci\u00e9t\u00e9 de gestion, g\u00e9rant, responsable IT, RSE, risques ou achats ?\u00a0<\/strong>\u00a0Ne manquez pas cette opportunit\u00e9 pour structurer votre d\u00e9marche de sobri\u00e9t\u00e9 num\u00e9rique, ma\u00eetriser vos co\u00fbts et renforcer votre performance extra-financi\u00e8re.<\/p>\n\n\n\n<p><\/p>\n","protected":false},"featured_media":124748,"template":"","thematics":[185],"top_contenu":[568,44],"class_list":["post-124746","event","type-event","status-publish","has-post-thumbnail","hentry","thematics-innovations_technologiques","top_contenu-top-contenu-commission-club","top_contenu-top-contenu-espace-membre"],"acf":[],"_links":{"self":[{"href":"https:\/\/www.afg.asso.fr\/fr\/wp-json\/wp\/v2\/event\/124746","targetHints":{"allow":["GET"]}}],"collection":[{"href":"https:\/\/www.afg.asso.fr\/fr\/wp-json\/wp\/v2\/event"}],"about":[{"href":"https:\/\/www.afg.asso.fr\/fr\/wp-json\/wp\/v2\/types\/event"}],"version-history":[{"count":0,"href":"https:\/\/www.afg.asso.fr\/fr\/wp-json\/wp\/v2\/event\/124746\/revisions"}],"wp:featuredmedia":[{"embeddable":true,"href":"https:\/\/www.afg.asso.fr\/fr\/wp-json\/wp\/v2\/media\/124748"}],"wp:attachment":[{"href":"https:\/\/www.afg.asso.fr\/fr\/wp-json\/wp\/v2\/media?parent=124746"}],"wp:term":[{"taxonomy":"thematics","embeddable":true,"href":"https:\/\/www.afg.asso.fr\/fr\/wp-json\/wp\/v2\/thematics?post=124746"},{"taxonomy":"top_contenu","embeddable":true,"href":"https:\/\/www.afg.asso.fr\/fr\/wp-json\/wp\/v2\/top_contenu?post=124746"}],"curies":[{"name":"wp","href":"https:\/\/api.w.org\/{rel}","templated":true}]}}