{"id":121567,"date":"2025-10-16T16:20:48","date_gmt":"2025-10-16T14:20:48","guid":{"rendered":"https:\/\/www.afg.asso.fr\/?post_type=event&#038;p=121567"},"modified":"2025-12-18T17:36:12","modified_gmt":"2025-12-18T16:36:12","slug":"point-sur-t-1-mise-en-place-du-projet-a-lechelle-europeenne","status":"publish","type":"event","link":"https:\/\/www.afg.asso.fr\/fr\/event\/point-sur-t-1-mise-en-place-du-projet-a-lechelle-europeenne\/","title":{"rendered":"\u00ab\u00a0Point Sur\u00a0\u00bb T+ 1 &#8211; Mise en place du projet \u00e0 l&rsquo;\u00e9chelle europ\u00e9enne"},"content":{"rendered":"\n<p><strong>Le passage \u00e0 T+1 en Europe s&rsquo;impose \u00e0 tous les acteurs de la place, y compris les SGP.<\/strong> L&rsquo;AFG accompagne ses membres en organisant un webinaire exclusif concernant les aspects op\u00e9rationnels du passage \u00e0 T+1 en Europe.<\/p>\n\n\n\n<h2 class=\"wp-block-heading\" id=\"replay\">Replay<\/h2>\n\n\n\n<figure class=\"wp-block-embed is-type-video is-provider-youtube wp-block-embed-youtube wp-embed-aspect-16-9 wp-has-aspect-ratio\"><div class=\"wp-block-embed__wrapper\">\n<iframe loading=\"lazy\" title=\"\u00ab Point Sur \u00bb T+ 1 \u2013 Mise en place du projet \u00e0 l\u2019\u00e9chelle europ\u00e9enne - 14 novembre 2025\" width=\"500\" height=\"281\" src=\"https:\/\/www.youtube.com\/embed\/nsAP48g_U_c?feature=oembed\" frameborder=\"0\" allow=\"accelerometer; autoplay; clipboard-write; encrypted-media; gyroscope; picture-in-picture; web-share\" referrerpolicy=\"strict-origin-when-cross-origin\" allowfullscreen><\/iframe>\n<\/div><\/figure>\n\n\n\n<h2 class=\"wp-block-heading\" id=\"support-des-interventions\">Support des interventions<\/h2>\n\n\n\n<div data-wp-interactive=\"core\/file\" class=\"wp-block-file\"><object data-wp-bind--hidden=\"!state.hasPdfPreview\" hidden class=\"wp-block-file__embed\" data=\"https:\/\/www.afg.asso.fr\/app\/uploads\/2025\/11\/251114_PS-Tplus1-SLIDES.pdf\" type=\"application\/pdf\" style=\"width:100%;height:600px\" aria-label=\"Contenu embarqu\u00e9 251114_PS Tplus1 SLIDES.\"><\/object><a id=\"wp-block-file--media-9c541386-2262-4b7c-823f-42ca15aba701\" href=\"https:\/\/www.afg.asso.fr\/app\/uploads\/2025\/11\/251114_PS-Tplus1-SLIDES.pdf\">251114_PS Tplus1 SLIDES<\/a><a href=\"https:\/\/www.afg.asso.fr\/app\/uploads\/2025\/11\/251114_PS-Tplus1-SLIDES.pdf\" class=\"wp-block-file__button wp-element-button\" download aria-describedby=\"wp-block-file--media-9c541386-2262-4b7c-823f-42ca15aba701\">T\u00e9l\u00e9charger<\/a><\/div>\n\n\n\n<h2 class=\"wp-block-heading\" id=\"fiche-pratique\">Fiche pratique<\/h2>\n\n\n\n<div data-wp-interactive=\"core\/file\" class=\"wp-block-file\"><object data-wp-bind--hidden=\"!state.hasPdfPreview\" hidden class=\"wp-block-file__embed\" data=\"https:\/\/www.afg.asso.fr\/app\/uploads\/2025\/11\/AFG-Fiche-T1.pdf\" type=\"application\/pdf\" style=\"width:100%;height:600px\" aria-label=\"Contenu embarqu\u00e9 AFG-Fiche T+1.\"><\/object><a id=\"wp-block-file--media-26ce8114-a1f6-4caa-a7db-11d2c192ee6b\" href=\"https:\/\/www.afg.asso.fr\/app\/uploads\/2025\/11\/AFG-Fiche-T1.pdf\">AFG-Fiche T+1<\/a><a href=\"https:\/\/www.afg.asso.fr\/app\/uploads\/2025\/11\/AFG-Fiche-T1.pdf\" class=\"wp-block-file__button wp-element-button\" download aria-describedby=\"wp-block-file--media-26ce8114-a1f6-4caa-a7db-11d2c192ee6b\">T\u00e9l\u00e9charger<\/a><\/div>\n\n\n\n<p><strong>Intervenants : <\/strong><strong><\/strong><\/p>\n\n\n\n<ul class=\"wp-block-list\">\n<li><strong>Sylvie BONDUELLE<\/strong>, Senior advisor, Public affairs, SGSS<\/li>\n\n\n\n<li><strong>Fanny DAESCHNER,<\/strong> Managing Director, Head of Risk, Rothschild &amp; Co Asset Management<\/li>\n\n\n\n<li><strong>Laure DELAHOUSSE,<\/strong> Directrice g\u00e9n\u00e9rale de l&rsquo;AFG<\/li>\n\n\n\n<li><strong>Didier DELEAGE,<\/strong> Directeur Adjoint de la Direction de la gestion d\u2019Actifs, AMF<\/li>\n\n\n\n<li><strong>Yves GAVEAU<\/strong>, Senior Expert Veille r\u00e9glementaire AdF, CACEIS<\/li>\n\n\n\n<li><strong>Adina GURAU AUDIBERT<\/strong>, Directrice des expertises de l\u2019AFG&nbsp;<\/li>\n\n\n\n<li><strong>Mathilde LE ROY,<\/strong> Directrice de la r\u00e9glementation des march\u00e9s financiers, AFG<\/li>\n\n\n\n<li><strong>Morgane SEVENO,<\/strong> Responsable produits Fund Distribution, SGSS &#8211; Animatrice&nbsp; groupe Flux et Stocks, France Post March\u00e9<\/li>\n\n\n\n<li><strong>Adrien THOMAS<\/strong>, Directeur Adjoint de la Division de la R\u00e9gulation des March\u00e9s, AMF<\/li>\n<\/ul>\n\n\n\n<p><strong>D\u00e9roul\u00e9&nbsp;: <\/strong><strong><\/strong><\/p>\n\n\n\n<p>I &#8211; Pr\u00e9sentation du texte l\u00e9gislatif et de la feuille de route \/ calendrier \u00e0 respecter<\/p>\n\n\n\n<p>II &#8211; Recommandations de l\u2019industrie couvrant l\u2019ensemble de la cha\u00eene de valeur<\/p>\n\n\n\n<p>III &#8211; Impacts sp\u00e9cifiques pour les soci\u00e9t\u00e9s de gestion<\/p>\n\n\n\n<p>IV &#8211; Prochaines \u00e9tapes<\/p>\n\n\n\n<p>V &#8211; Message du r\u00e9gulateur<br><br>&gt;&nbsp; Retrouvez le replay du <a href=\"https:\/\/fra01.safelinks.protection.outlook.com\/?url=https%3A%2F%2Fu49204565.ct.sendgrid.net%2Fls%2Fclick%3Fupn%3Du001.EaH4hPf8uV1HEIcYJFkAWclqkx1uYLh7RDw2nTIEtej3ENTdbDN2L-2FVvCCpO0eqzKuJmz1b6sxTdVFAjaAckfszOxw-2F5-2F2Ayg9MmF0rX529CQ906a5CeDX-2B4LZ0ooDhSuYs2_1lsOWHumFx176R85g4-2BDX9kIzteYIFNm6udouC1nf0-2F4o1tPHv4ja3ZwkwMOzKC-2FqMk-2Fx13B5yc7BYwcvywY1sGFxXHy1qGJkMkBKtiFdBJpbbhpqYFUzn0PmCRx9EKnhlGyI5ek878bcRn7A2wL3-2BXDJkAynlUsmHElywkJc-2FTnNyzqtWiTofWKPe8NuNx2oQck6OMrPanSrfYlZLfYYA-3D-3D&amp;data=05%7C02%7CM.ROSENZWEIG%40afg.asso.fr%7Cd419f10fb31c43e9afd808de0cac8a48%7C18570703cd134c8fa98760408f80fa42%7C1%7C0%7C638962132398466796%7CUnknown%7CTWFpbGZsb3d8eyJFbXB0eU1hcGkiOnRydWUsIlYiOiIwLjAuMDAwMCIsIlAiOiJXaW4zMiIsIkFOIjoiTWFpbCIsIldUIjoyfQ%3D%3D%7C0%7C%7C%7C&amp;sdata=YRVd%2FI8sLNlfuK4la9TvoI57qMZDUHUcXsLupv0iMXs%3D&amp;reserved=0\">\u00ab\u00a0Point Sur\u00a0\u00bb organis\u00e9 en f\u00e9vrier 2024 (mise en place du r\u00e8glement\/livraison \u00e0 T+1 aux \u00c9tats Unis).<\/a><\/p>\n\n\n\n<h2 class=\"wp-block-heading\" id=\"ressources\">Ressources : <\/h2>\n\n\n\n<ul class=\"wp-block-list\">\n<li><a href=\"https:\/\/www.esma.europa.eu\/esmas-activities\/markets-and-infrastructure\/shortening-settlement-cycle-t1-eu\">ESMA website <\/a>on shortening the settlement cycle to T+1 in the EU<\/li>\n\n\n\n<li><a href=\"https:\/\/www.esma.europa.eu\/sites\/default\/files\/2025-06\/High-level_Roadmap_to_T_1_Securities_Settlement_in_the_EU.pdf\">High-Level Roadmap to T+1 securities settlement in the EU<\/a> &#8211; 30 June 2025 &#8211; EU T+1 Industry Committee<\/li>\n\n\n\n<li><a href=\"https:\/\/eur-lex.europa.eu\/eli\/reg\/2025\/2075\/oj\/eng\">Regulation (EU) 2025\/2075<\/a> of the European Parliament and of the Council of 8 October 2025 amending Regulation (EU) No 909\/2014 as regards a shorter settlement cycle in the Union \u2013 lien \u00e0 afficher :<\/li>\n\n\n\n<li><a href=\"https:\/\/fra01.safelinks.protection.outlook.com\/?url=https%3A%2F%2Fwww.esma.europa.eu%2Fsites%2Fdefault%2Ffiles%2F2024-11%2FESMA74-2119945925-1969_Report_on_shortening_settlement_cycle.pdf&amp;data=05%7C02%7CM.ROSENZWEIG%40afg.asso.fr%7C19e2462610f8404af5c408de1bb673f0%7C18570703cd134c8fa98760408f80fa42%7C1%7C0%7C638978667604115511%7CUnknown%7CTWFpbGZsb3d8eyJFbXB0eU1hcGkiOnRydWUsIlYiOiIwLjAuMDAwMCIsIlAiOiJXaW4zMiIsIkFOIjoiTWFpbCIsIldUIjoyfQ%3D%3D%7C0%7C%7C%7C&amp;sdata=%2FnwutPui74sMn8RmDC9AAzwqphR9UxyWK%2B3uYfI8GJM%3D&amp;reserved=0\">Report <\/a>ESMA74-2119945925-1969<a href=\"https:\/\/fra01.safelinks.protection.outlook.com\/?url=https%3A%2F%2Fwww.esma.europa.eu%2Fsites%2Fdefault%2Ffiles%2F2024-11%2FESMA74-2119945925-1969_Report_on_shortening_settlement_cycle.pdf&amp;data=05%7C02%7CM.ROSENZWEIG%40afg.asso.fr%7C19e2462610f8404af5c408de1bb673f0%7C18570703cd134c8fa98760408f80fa42%7C1%7C0%7C638978667604133042%7CUnknown%7CTWFpbGZsb3d8eyJFbXB0eU1hcGkiOnRydWUsIlYiOiIwLjAuMDAwMCIsIlAiOiJXaW4zMiIsIkFOIjoiTWFpbCIsIldUIjoyfQ%3D%3D%7C0%7C%7C%7C&amp;sdata=XAGGCqbPMyFlzD3v8VlBybBIPOqEoM3Yoqia2eZQmMs%3D&amp;reserved=0\"> <\/a>&#8211; ESMA assessment of the shortening of the settlement cycle in the European Union &#8211; 18 November 2024 &#8211; ESMA74-2119945925-1969 \u2013 lien \u00e0 afficher :<\/li>\n\n\n\n<li><a href=\"https:\/\/www.esma.europa.eu\/sites\/default\/files\/2024-11\/ESMA74-2119945925-1969_Report_on_shortening_settlement_cycle.pdf\">AF<\/a><a href=\"https:\/\/www.afg.asso.fr\/en\/t1-afg-highlights-operational-constraints-related-to-funds\/\" data-type=\"link\" data-id=\"https:\/\/www.afg.asso.fr\/en\/t1-afg-highlights-operational-constraints-related-to-funds\/\">G Position Paper<\/a> \u2013 Reduced settlement cycle for securities (T+1) : AFG highlights operational constraints related to funds -24 July 2025<\/li>\n\n\n\n<li><a href=\"https:\/\/fra01.safelinks.protection.outlook.com\/?url=https%3A%2F%2Fwww.six-group.com%2Fdam%2Fdownload%2Fsites%2Fswiss-sptc%2Ft1%2Fswiss-sptc-t1-recommendations-paper.pdf&amp;data=05%7C02%7CM.ROSENZWEIG%40afg.asso.fr%7C19e2462610f8404af5c408de1bb673f0%7C18570703cd134c8fa98760408f80fa42%7C1%7C0%7C638978667604166151%7CUnknown%7CTWFpbGZsb3d8eyJFbXB0eU1hcGkiOnRydWUsIlYiOiIwLjAuMDAwMCIsIlAiOiJXaW4zMiIsIkFOIjoiTWFpbCIsIldUIjoyfQ%3D%3D%7C0%7C%7C%7C&amp;sdata=1XFM9xbe%2B5SmhAzX0AGiw4QCDh0OJL3ipm0aB5%2Fu8So%3D&amp;reserved=0\">Recommendations<\/a><a href=\"https:\/\/fra01.safelinks.protection.outlook.com\/?url=https%3A%2F%2Fwww.six-group.com%2Fdam%2Fdownload%2Fsites%2Fswiss-sptc%2Ft1%2Fswiss-sptc-t1-recommendations-paper.pdf&amp;data=05%7C02%7CM.ROSENZWEIG%40afg.asso.fr%7C19e2462610f8404af5c408de1bb673f0%7C18570703cd134c8fa98760408f80fa42%7C1%7C0%7C638978667604180434%7CUnknown%7CTWFpbGZsb3d8eyJFbXB0eU1hcGkiOnRydWUsIlYiOiIwLjAuMDAwMCIsIlAiOiJXaW4zMiIsIkFOIjoiTWFpbCIsIldUIjoyfQ%3D%3D%7C0%7C%7C%7C&amp;sdata=hXJG4CR1Q42qq64uRauvx8oHpXfq%2BAF214LJL6jQ1AI%3D&amp;reserved=0\"> <\/a><a href=\"https:\/\/www.six-group.com\/dam\/download\/sites\/swiss-sptc\/t1\/swiss-sptc-t1-recommendations-paper.pdf\">SwissSPTC<\/a> &#8211; T+1 in Switzerland and Liechtenstein \u2013 12 September 2025&nbsp;<\/li>\n\n\n\n<li><a href=\"https:\/\/acceleratedsettlement.co.uk\/wp-content\/uploads\/2025\/09\/AST-Final-Final-Report.pdf\">UK Implementation Plan for first day of trading for T+1 settlement : 11th October 2027 <\/a>\u2013 The Accelerated Settlement Taskforce Technical Group \u2013 February 2025 + addendum September 2025<\/li>\n<\/ul>\n","protected":false},"featured_media":9239,"template":"","thematics":[138],"top_contenu":[568,44],"class_list":["post-121567","event","type-event","status-publish","has-post-thumbnail","hentry","thematics-infrastructures_de_marche","top_contenu-top-contenu-commission-club","top_contenu-top-contenu-espace-membre"],"acf":[],"_links":{"self":[{"href":"https:\/\/www.afg.asso.fr\/fr\/wp-json\/wp\/v2\/event\/121567","targetHints":{"allow":["GET"]}}],"collection":[{"href":"https:\/\/www.afg.asso.fr\/fr\/wp-json\/wp\/v2\/event"}],"about":[{"href":"https:\/\/www.afg.asso.fr\/fr\/wp-json\/wp\/v2\/types\/event"}],"version-history":[{"count":0,"href":"https:\/\/www.afg.asso.fr\/fr\/wp-json\/wp\/v2\/event\/121567\/revisions"}],"wp:featuredmedia":[{"embeddable":true,"href":"https:\/\/www.afg.asso.fr\/fr\/wp-json\/wp\/v2\/media\/9239"}],"wp:attachment":[{"href":"https:\/\/www.afg.asso.fr\/fr\/wp-json\/wp\/v2\/media?parent=121567"}],"wp:term":[{"taxonomy":"thematics","embeddable":true,"href":"https:\/\/www.afg.asso.fr\/fr\/wp-json\/wp\/v2\/thematics?post=121567"},{"taxonomy":"top_contenu","embeddable":true,"href":"https:\/\/www.afg.asso.fr\/fr\/wp-json\/wp\/v2\/top_contenu?post=121567"}],"curies":[{"name":"wp","href":"https:\/\/api.w.org\/{rel}","templated":true}]}}