{"id":117330,"date":"2025-06-05T17:24:11","date_gmt":"2025-06-05T15:24:11","guid":{"rendered":"https:\/\/www.afg.asso.fr\/?post_type=event&#038;p=117330"},"modified":"2025-06-18T12:25:32","modified_gmt":"2025-06-18T10:25:32","slug":"stakeholder-forum-reality-check-on-retirement-savings","status":"publish","type":"event","link":"https:\/\/www.afg.asso.fr\/fr\/event\/stakeholder-forum-reality-check-on-retirement-savings\/","title":{"rendered":"Stakeholder forum &amp; reality check on retirement savings"},"content":{"rendered":"\n<p class=\"has-white-color has-blue-background-color has-text-color has-background has-link-color wp-elements-af22713211cf2fa486e9f26f1075c5de\"><strong>Lundi 16 juin 2025<br>10h00 &#8211; 16h00<br>Bruxelles, Commission Europ\u00e9enne, Breydel buidling, Auditorium<br><a href=\"https:\/\/finance.ec.europa.eu\/events\/stakeholder-forum-reality-check-retirement-savings-2025-06-16_en\" target=\"_blank\" rel=\"noreferrer noopener\">En savoir plus<\/a><\/strong><br><\/p>\n\n\n\n<p>A noter : Intervention de <strong>Gregory MIROUX, Directeur Epargne salariale et Epargne retraite de l&rsquo;AFG<\/strong> \u00e0 la session 3 \u00ab\u00a0<em>What will the future hold for IORPs?\u00a0\u00bb <\/em>(14h30-15h30).<\/p>\n\n\n\n<p>Conform\u00e9ment \u00e0 la communication de la Commission sur l&rsquo;union de l&rsquo;\u00e9pargne et de l&rsquo;investissement, des mesures cl\u00e9s ont \u00e9t\u00e9 annonc\u00e9es pour d\u00e9velopper davantage le secteur des pensions compl\u00e9mentaires et supprimer les obstacles potentiels aux investissements en actions par les fonds de pension lorsqu&rsquo;ils existent. La Commission s&rsquo;est engag\u00e9e \u00e0 r\u00e9examiner les cadres europ\u00e9ens existants pour les institutions de retraite professionnelle (IRP) et le produit paneurop\u00e9en de retraite personnelle (PEPP) d&rsquo;ici le quatri\u00e8me trimestre 2025. Cette r\u00e9vision vise \u00e0 accro\u00eetre la participation aux pensions compl\u00e9mentaires, \u00e0 garantir un revenu ad\u00e9quat \u00e0 la retraite et \u00e0 renforcer la capacit\u00e9 des fonds de pension \u00e0 canaliser l&rsquo;\u00e9pargne des m\u00e9nages vers des investissements productifs.<\/p>\n\n\n\n<p>Le 16 juin, la Commission accueillera un \u00ab reality check \u00bb consacr\u00e9 \u00e0 l&rsquo;exploration des tendances \u00e9mergentes en mati\u00e8re de retraite dans l&rsquo;Union europ\u00e9enne. Ce forum mettra en lumi\u00e8re les meilleures pratiques des \u00c9tats membres et ouvrira la voie au partage des strat\u00e9gies r\u00e9ussies dans l&rsquo;Union. La confrontation avec la r\u00e9alit\u00e9 pr\u00e9sentera des exemples de r\u00e9ussite dans le domaine des pensions des deuxi\u00e8me et troisi\u00e8me piliers et explorera la mani\u00e8re dont les meilleures pratiques peuvent servir de guide pour de nouvelles r\u00e9formes. Les discussions viseront \u00e0 recueillir les r\u00e9actions de toutes les parties prenantes actives dans la fourniture de produits de retraite.<\/p>\n\n\n\n<p>Rejoignez-nous pour recueillir les points de vue des experts du secteur et de la soci\u00e9t\u00e9 civile, alors que nous nous concentrons sur la l\u00e9gislation actuelle en mati\u00e8re de retraite, notamment le PEPP, les IRP et Solvabilit\u00e9 II, et que nous travaillons \u00e0 la mise en place d&rsquo;un cadre de retraite plus solide, plus inclusif, plus dynamique et plus efficace au sein de l&rsquo;Union europ\u00e9enne.<\/p>\n\n\n\n<p><\/p>\n","protected":false},"featured_media":117331,"template":"","thematics":[102],"top_contenu":[],"class_list":["post-117330","event","type-event","status-publish","has-post-thumbnail","hentry","thematics-epargne_salariale"],"acf":[],"_links":{"self":[{"href":"https:\/\/www.afg.asso.fr\/fr\/wp-json\/wp\/v2\/event\/117330","targetHints":{"allow":["GET"]}}],"collection":[{"href":"https:\/\/www.afg.asso.fr\/fr\/wp-json\/wp\/v2\/event"}],"about":[{"href":"https:\/\/www.afg.asso.fr\/fr\/wp-json\/wp\/v2\/types\/event"}],"version-history":[{"count":0,"href":"https:\/\/www.afg.asso.fr\/fr\/wp-json\/wp\/v2\/event\/117330\/revisions"}],"wp:featuredmedia":[{"embeddable":true,"href":"https:\/\/www.afg.asso.fr\/fr\/wp-json\/wp\/v2\/media\/117331"}],"wp:attachment":[{"href":"https:\/\/www.afg.asso.fr\/fr\/wp-json\/wp\/v2\/media?parent=117330"}],"wp:term":[{"taxonomy":"thematics","embeddable":true,"href":"https:\/\/www.afg.asso.fr\/fr\/wp-json\/wp\/v2\/thematics?post=117330"},{"taxonomy":"top_contenu","embeddable":true,"href":"https:\/\/www.afg.asso.fr\/fr\/wp-json\/wp\/v2\/top_contenu?post=117330"}],"curies":[{"name":"wp","href":"https:\/\/api.w.org\/{rel}","templated":true}]}}