{"id":111588,"date":"2024-12-05T17:40:11","date_gmt":"2024-12-05T16:40:11","guid":{"rendered":"https:\/\/www.afg.asso.fr\/?post_type=event&#038;p=111588"},"modified":"2025-06-18T12:25:35","modified_gmt":"2025-06-18T10:25:35","slug":"9eme-matinales-de-la-distribution-lindustrie-des-fonds-dinvestissement-en-mutation-challenges-et-opportunites","status":"publish","type":"event","link":"https:\/\/www.afg.asso.fr\/fr\/event\/9eme-matinales-de-la-distribution-lindustrie-des-fonds-dinvestissement-en-mutation-challenges-et-opportunites\/","title":{"rendered":"9\u00e8me Matinales de la distribution &#8211; L\u2019industrie des fonds d\u2019investissement en mutation : challenges et opportunit\u00e9s"},"content":{"rendered":"\n<p>La 9\u00e8me \u00e9dition des <a href=\"https:\/\/www.fundglobam.org\/event\/les-matinales-de-la-distribution-2025-9eme-edition\/\">Matinales de la Distribution<\/a> se concentre sur cette mutation en marche, avec une attention particuli\u00e8re sur les sujets de distribution et les impacts sur la cha\u00eene de valeur des acteurs, soci\u00e9t\u00e9s de gestion, services et distributeurs : d\u00e9cryptage, avis et analyse sur les challenges et les opportunit\u00e9s.<\/p>\n\n\n\n<p><strong>L&rsquo;AFG est partenaire<\/strong> de cet \u00e9v\u00e9nement.<\/p>\n\n\n\n<p>A noter : Introduction de la matin\u00e9e par <strong>Delphine de Chaisemartin,<\/strong> Directrice g\u00e9n\u00e9rale adjointe de l&rsquo;AFG.<\/p>\n\n\n\n<p><strong>Jeudi 16 janvier 2025<br>8h30-14h15<br>Paris, h\u00f4tel Intercontinental Paris Opera<\/strong><\/p>\n\n\n\n<p><a href=\"https:\/\/www.fundglobam.org\/event\/les-matinales-de-la-distribution-2025-9eme-edition\/\">Renseignements<\/a> <\/p>\n\n\n\n<p><\/p>\n","protected":false},"featured_media":115717,"template":"","thematics":[150],"top_contenu":[568],"class_list":["post-111588","event","type-event","status-publish","has-post-thumbnail","hentry","thematics-commercialisation","top_contenu-top-contenu-commission-club"],"acf":[],"_links":{"self":[{"href":"https:\/\/www.afg.asso.fr\/fr\/wp-json\/wp\/v2\/event\/111588","targetHints":{"allow":["GET"]}}],"collection":[{"href":"https:\/\/www.afg.asso.fr\/fr\/wp-json\/wp\/v2\/event"}],"about":[{"href":"https:\/\/www.afg.asso.fr\/fr\/wp-json\/wp\/v2\/types\/event"}],"version-history":[{"count":0,"href":"https:\/\/www.afg.asso.fr\/fr\/wp-json\/wp\/v2\/event\/111588\/revisions"}],"wp:featuredmedia":[{"embeddable":true,"href":"https:\/\/www.afg.asso.fr\/fr\/wp-json\/wp\/v2\/media\/115717"}],"wp:attachment":[{"href":"https:\/\/www.afg.asso.fr\/fr\/wp-json\/wp\/v2\/media?parent=111588"}],"wp:term":[{"taxonomy":"thematics","embeddable":true,"href":"https:\/\/www.afg.asso.fr\/fr\/wp-json\/wp\/v2\/thematics?post=111588"},{"taxonomy":"top_contenu","embeddable":true,"href":"https:\/\/www.afg.asso.fr\/fr\/wp-json\/wp\/v2\/top_contenu?post=111588"}],"curies":[{"name":"wp","href":"https:\/\/api.w.org\/{rel}","templated":true}]}}