{"id":108361,"date":"2019-10-09T12:28:00","date_gmt":"2024-11-21T18:41:08","guid":{"rendered":"https:\/\/www.afg.asso.fr\/event\/esg-prospective-morning-1re-edition-sengager-concretement-dans-les-enjeux-esg\/"},"modified":"2025-06-18T12:25:43","modified_gmt":"2025-06-18T10:25:43","slug":"esg-prospective-morning-1re-edition-sengager-concretement-dans-les-enjeux-esg","status":"publish","type":"event","link":"https:\/\/www.afg.asso.fr\/fr\/event\/esg-prospective-morning-1re-edition-sengager-concretement-dans-les-enjeux-esg\/","title":{"rendered":"ESG Prospective morning &#8211; 1re \u00e9dition : S\u2019engager concr\u00e8tement dans les enjeux ESG"},"content":{"rendered":"\n<p>L\u2019AFG&nbsp;prend position et a lanc\u00e9 l\u2019<strong>ESG Prospective morning&nbsp;: \u00abS\u2019engager concr\u00e8tement dans les enjeux ESG\u00bb<\/strong>, le 9 octobre2019, \u00e0 l\u2019occasion de la premi\u00e8re \u00e9dition d\u2019\u00ab&nbsp;Invest Week&nbsp;Paris&nbsp;\u00bb.<\/p>\n\n\n\n<p>Les enjeux environnementaux, soci\u00e9taux et de gouvernance sont au c\u0153ur des priorit\u00e9s de notre soci\u00e9t\u00e9 et de chaque entreprise. Il ne s\u2019agit plus seulement de r\u00e9pondre \u00e0 des crit\u00e8res d\u2019\u00e9valuation suppl\u00e9mentaire, mais bien de s\u2018engager concr\u00e8tement par des actions, en tant qu\u2019acteurs concern\u00e9s.<\/p>\n\n\n\n<p>La matin\u00e9e s\u2019articulait autour de deux axes majeurs&nbsp;: \u00abE\u00bb&nbsp;: Environnement et \u00abS &amp; G\u00bb&nbsp;: Soci\u00e9tal et Gouvernance, sous forme de tables rondes expertes pour ouvrir le d\u00e9bat et construire l\u2019avenir.<\/p>\n\n\n\n<p><em>Programme :&nbsp;<\/em><\/p>\n\n\n\n<ul class=\"wp-block-list\"><li><strong>8h30 <\/strong>: Accueil<\/li><li><strong>9h00 \u00e0 10h30 : Table ronde #1&nbsp;:<\/strong> <strong>\u00abS\u2019aligner sur les accords de Paris : le temps est venu !\u00bb<\/strong>&nbsp;: lancement de la m\u00e9thodologie de place \u00ab&nbsp;2-infra challenge&nbsp;\u00bb.<\/li><\/ul>\n\n\n\n<p>Cette nouvelle m\u00e9thode de place, \u00e0 l\u2019initiative de Carbone 4 et de ses sponsors (AFD, La Banque Postale AM et Meridiam), permettra de mesurer l\u2019alignement des infrastructures avec une trajectoire 2 degr\u00e9s et les risques climatiques associ\u00e9s. Atteindre l\u2019objectif de l\u2019Accord de Paris sur le climat n\u00e9cessite de r\u00e9orienter les financements vers des infrastructures qui permettront la transition bas carbone.<\/p>\n\n\n\n<ul class=\"wp-block-list\"><li><strong>10h30 \u00e0 11h00 :&nbsp;<\/strong>Pause \/ Networking<\/li><li><strong>11h00 \u00e0 12h30 :<\/strong>&nbsp;<strong>Table ronde #2&nbsp;:<\/strong>&nbsp;<strong>\u00abMixit\u00e9, vecteur de comp\u00e9titivit\u00e9\u00bb<\/strong>&nbsp;: comment la diversit\u00e9 et la compl\u00e9mentarit\u00e9 des genres am\u00e9liorent gouvernance et performance dans l\u2019entreprise.<\/li><\/ul>\n\n\n\n<p>Alors que les \u00e9tudes d\u00e9montrent que la pr\u00e9sence des femmes aux postes de direction dope significativement la croissance, elles sont encore largement sous-repr\u00e9sent\u00e9es dans les comit\u00e9s ex\u00e9cutifs.<\/p>\n\n\n\n<p>Instaurer une meilleure culture de l\u2019\u00e9galit\u00e9 homme femme dans la soci\u00e9t\u00e9 est un enjeu prioritaire. Dans les entreprises, la mixit\u00e9 constitue un facteur de performance, elle augmente l\u2019engagement et l\u2019\u00e9panouissement des salari\u00e9s.<\/p>\n\n\n\n<p>L\u2019AFG, porteur des enjeux ESG pour le m\u00e9tier de la gestion qu\u2019elle repr\u00e9sente, s\u2019engage et se mobilise en lan\u00e7ant le Groupe de travail \u00abMixit\u00e9, vecteur de comp\u00e9titivit\u00e9\u00bb.<\/p>\n\n\n\n<p><\/p>\n\n\n<p>[membership]<\/p>\n<div class=\"contenu-adherent_shortcode\">\u00a0Retrouvez le support des <a href=\"https:\/\/www.afg.asso.fr\/fr\/publication\/\/esg-prospective-morning-sengager-concretement-dans-les-enjeux-esg-support-des-interventions-9-octobre-2019\/\">interventions de ces deux Tables rondes de l&rsquo;ESG Prospective morning<\/a><\/div>\n<p style=\"padding-left: 30px\">[\/membership]<\/p>\n","protected":false},"featured_media":99684,"template":"","thematics":[41],"top_contenu":[],"class_list":["post-108361","event","type-event","status-publish","has-post-thumbnail","hentry","thematics-finance-durable"],"acf":[],"_links":{"self":[{"href":"https:\/\/www.afg.asso.fr\/fr\/wp-json\/wp\/v2\/event\/108361","targetHints":{"allow":["GET"]}}],"collection":[{"href":"https:\/\/www.afg.asso.fr\/fr\/wp-json\/wp\/v2\/event"}],"about":[{"href":"https:\/\/www.afg.asso.fr\/fr\/wp-json\/wp\/v2\/types\/event"}],"version-history":[{"count":0,"href":"https:\/\/www.afg.asso.fr\/fr\/wp-json\/wp\/v2\/event\/108361\/revisions"}],"wp:featuredmedia":[{"embeddable":true,"href":"https:\/\/www.afg.asso.fr\/fr\/wp-json\/wp\/v2\/media\/99684"}],"wp:attachment":[{"href":"https:\/\/www.afg.asso.fr\/fr\/wp-json\/wp\/v2\/media?parent=108361"}],"wp:term":[{"taxonomy":"thematics","embeddable":true,"href":"https:\/\/www.afg.asso.fr\/fr\/wp-json\/wp\/v2\/thematics?post=108361"},{"taxonomy":"top_contenu","embeddable":true,"href":"https:\/\/www.afg.asso.fr\/fr\/wp-json\/wp\/v2\/top_contenu?post=108361"}],"curies":[{"name":"wp","href":"https:\/\/api.w.org\/{rel}","templated":true}]}}