{"id":108339,"date":"2019-04-25T09:47:39","date_gmt":"2024-11-21T18:41:05","guid":{"rendered":"https:\/\/www.afg.asso.fr\/event\/presentation-du-programme-bio-3-par-lamf\/"},"modified":"2025-06-18T12:25:43","modified_gmt":"2025-06-18T10:25:43","slug":"presentation-du-programme-bio-3-par-lamf","status":"publish","type":"event","link":"https:\/\/www.afg.asso.fr\/fr\/event\/presentation-du-programme-bio-3-par-lamf\/","title":{"rendered":"Pr\u00e9sentation du programme BIO 3 par l&rsquo;AMF"},"content":{"rendered":"\n<ul class=\"wp-block-list\"><li>L&rsquo;AMF a entrepris la&nbsp;modernisation de son <strong>outil d\u2019interface avec les soci\u00e9t\u00e9s de gestion, <\/strong>sous&nbsp;le nom du<strong> programme&nbsp;BIO 3.&nbsp;<\/strong><\/li><li>Lors de&nbsp;la conf\u00e9rence&nbsp;du 23 mai 2019, les repr\u00e9sentants de l&rsquo;AMF ont inform\u00e9 les <strong>soci\u00e9t\u00e9s de gestion membres <\/strong>de <strong>l&rsquo;AFG,<\/strong> de <strong>l&rsquo;ASPIM <\/strong>et de<strong> France Invest<\/strong>&nbsp;des d\u00e9tails du programme BIO3, rempla\u00e7ant du syst\u00e8me GECO&nbsp;:\n<ul>\n<li><strong>Changements fondamentaux,<\/strong><\/li>\n<li>Mise en service par \u00e9tapes et la <strong>pr\u00e9paration au 1<sup>er<\/sup> lancement,<\/strong><\/li>\n<li><strong>Fonctionnement du nouvel Extranet<\/strong>, point central de connexion et de communication avec l\u2019AMF.<\/li>\n<\/ul>\n<p>&nbsp;<\/p>\n<\/li><li>Intervenants :\n<ul>\n<li><strong>Philippe Sourlas<\/strong>, Directeur de la la Direction de la gestion d\u2019actifs de l&rsquo;AMF ;<\/li>\n<li><strong>Eric Colleville<\/strong>, Directeur du programme Bio 3 de l&rsquo;AMF.<\/li>\n<\/ul>\n<\/li><\/ul>\n\n\n<p>[membership]<\/p>\n<div class=\"contenu-adherent_shortcode\">&#8211; Consultez le<a href=\"https:\/\/www.afg.asso.fr\/fr\/publication\/\/presentation-du-programme-bio3-par-lamf-23-mai-2019\/\"> support des pr\u00e9sentations.<\/a>&nbsp;&nbsp;<\/p>\n<div class=\"contenu-adherent_shortcode\">&#8211; Consultez les vid\u00e9os p\u00e9dagogiques :<br \/>\n<a href=\"https:\/\/www.afg.asso.fr\/app\/uploads\/2019\/05\/BIO3-Pr\u00e9sentation1_Authentification.mp4\">Pr\u00e9sentation 1 &#8211; Gestion des acc\u00e8s<\/a><br \/>\n<em>Cette pr\u00e9sentation d\u00e9crit les \u00e9tapes que devra suivre chaque utilisateur pour se connecter la premi\u00e8re fois \u00e0 l\u2019Extranet BIO3<\/em><br \/>\nPour des raisons de s\u00e9curit\u00e9, ces op\u00e9rations seront \u00e0 renouveler selon une fr\u00e9quence d\u00e9termin\u00e9e, envisag\u00e9e aujourd\u2019hui \u00e0 6 mois<br \/>\n<a href=\"https:\/\/www.afg.asso.fr\/app\/uploads\/2019\/05\/bio3-prsentation2-extagrment.mp4\">&#8211; Pr\u00e9sentation 2 &#8211; Demande d\u2019extension d\u2019agr\u00e9ment<\/a><br \/>\n<em>Cette pr\u00e9sentation d\u00e9crit les diff\u00e9rentes \u00e9tapes afin d\u2019effectuer une demande qui conduit \u00e0 cr\u00e9er un dossier qui sera instruit par l\u2019AMF<\/em><br \/>\n&#8211;<a href=\"https:\/\/www.afg.asso.fr\/app\/uploads\/2019\/05\/bio3-prsentation3-consultmodifref.mp4\"> Pr\u00e9sentation 3 &#8211; Consultation des donn\u00e9es du r\u00e9f\u00e9rentiel Tiers et demande de changement d\u2019une donn\u00e9e<\/a><br \/>\n<em>Cette pr\u00e9sentation d\u00e9crit la fa\u00e7on d\u2019acc\u00e9der en lecture aux donn\u00e9es Tiers de la Soci\u00e9t\u00e9 de gestion. Elle pr\u00e9sente ensuite les \u00e9tapes de modification imm\u00e9diate d\u2019une donn\u00e9e. Dans cette exemple, il appara\u00eet clairement que la SGP peut modifier certaines donn\u00e9es en totale autonomie et sur un p\u00e9rim\u00e8tre d\u00e9termin\u00e9, sans intervention de l\u2019AMF.<\/em><\/div>\n<p>[\/membership]<\/p>\n","protected":false},"featured_media":99674,"template":"","thematics":[],"top_contenu":[],"class_list":["post-108339","event","type-event","status-publish","has-post-thumbnail","hentry"],"acf":[],"_links":{"self":[{"href":"https:\/\/www.afg.asso.fr\/fr\/wp-json\/wp\/v2\/event\/108339","targetHints":{"allow":["GET"]}}],"collection":[{"href":"https:\/\/www.afg.asso.fr\/fr\/wp-json\/wp\/v2\/event"}],"about":[{"href":"https:\/\/www.afg.asso.fr\/fr\/wp-json\/wp\/v2\/types\/event"}],"version-history":[{"count":0,"href":"https:\/\/www.afg.asso.fr\/fr\/wp-json\/wp\/v2\/event\/108339\/revisions"}],"wp:featuredmedia":[{"embeddable":true,"href":"https:\/\/www.afg.asso.fr\/fr\/wp-json\/wp\/v2\/media\/99674"}],"wp:attachment":[{"href":"https:\/\/www.afg.asso.fr\/fr\/wp-json\/wp\/v2\/media?parent=108339"}],"wp:term":[{"taxonomy":"thematics","embeddable":true,"href":"https:\/\/www.afg.asso.fr\/fr\/wp-json\/wp\/v2\/thematics?post=108339"},{"taxonomy":"top_contenu","embeddable":true,"href":"https:\/\/www.afg.asso.fr\/fr\/wp-json\/wp\/v2\/top_contenu?post=108339"}],"curies":[{"name":"wp","href":"https:\/\/api.w.org\/{rel}","templated":true}]}}