{"id":108266,"date":"2018-09-25T09:12:16","date_gmt":"2024-11-21T18:40:57","guid":{"rendered":"https:\/\/www.afg.asso.fr\/event\/assises-europeennes-de-la-gestion-des-epargnants-avises-acteurs-de-leconomie-de-demain-10-octobre-2018\/"},"modified":"2025-06-18T12:25:44","modified_gmt":"2025-06-18T10:25:44","slug":"assises-europeennes-de-la-gestion-des-epargnants-avises-acteurs-de-leconomie-de-demain-10-octobre-2018","status":"publish","type":"event","link":"https:\/\/www.afg.asso.fr\/fr\/event\/assises-europeennes-de-la-gestion-des-epargnants-avises-acteurs-de-leconomie-de-demain-10-octobre-2018\/","title":{"rendered":"Assises Europ\u00e9ennes de la Gestion &#8211; \u00abDes \u00e9pargnants avis\u00e9s, acteurs de l\u2019\u00e9conomie de demain\u00bb &#8211; 10 octobre 2018"},"content":{"rendered":"<ul style=\"list-style-type: square\">\n<li>L&rsquo;AFG a tenu ses troisi\u00e8mes Assises Europ\u00e9ennes de la Gestion, manifestation de Place, le 10 octobre 2018.\u00a0Le th\u00e8me\u00a0\u00e9tait : <strong>Des \u00e9pargnants avis\u00e9s, acteurs de l&rsquo;\u00e9conomie de demain.<\/strong><\/li>\n<\/ul>\n<p><img loading=\"lazy\" decoding=\"async\" class=\"wp-image-32528 aligncenter\" src=\"https:\/\/www.afg.asso.fr\/app\/uploads\/2018\/09\/Assises_2018_3-300x181.png\" alt=\"\" width=\"361\" height=\"218\" \/><\/p>\n<ul>\n<li><span style=\"color: #a9006f\"><span style=\"color: #a9006f\"><strong><span style=\"color: #a9006f\"><a style=\"color: #a9006f\" href=\"https:\/\/youtu.be\/ZBUSHLFSIXs\">Best-Of des Assises Europ\u00e9ennes de la Gestion 2018\u00a0<\/a><\/span><\/strong><\/span><\/span><\/li>\n<\/ul>\n<p><a href=\"https:\/\/youtu.be\/ZBUSHLFSIXs\"><img loading=\"lazy\" decoding=\"async\" class=\"size-medium wp-image-32624 aligncenter\" src=\"https:\/\/www.afg.asso.fr\/app\/uploads\/2018\/09\/AFG2018-Image-e\u0301cran-titre-2-300x169.jpg\" alt=\"\" width=\"300\" height=\"169\" \/><\/a><\/p>\n<ul>\n<li><a href=\"https:\/\/youtu.be\/4v7KMUFcDWA\">Discours d\u2019ouverture d\u2019<strong>Eric Pinon<\/strong>, Pr\u00e9sident de l\u2019AFG\u00a0<\/a> \u00a0 \u00a0 \u00a0 \u00a0 \u00a0 \u00a0<a href=\"https:\/\/youtu.be\/4v7KMUFcDWA\"><img loading=\"lazy\" decoding=\"async\" class=\"wp-image-32521 alignnone\" src=\"https:\/\/www.afg.asso.fr\/app\/uploads\/2018\/09\/Assises_2018_EPI_1-238x300.png\" alt=\"\" width=\"83\" height=\"105\" \/><\/a><\/li>\n<\/ul>\n<ul>\n<li><a href=\"https:\/\/youtu.be\/NltwE1pnmRQ\">Intervention\u00a0de <strong>Joseph Pinto<\/strong>, membre du Comit\u00e9 Strat\u00e9gique de l\u2019AFG<\/a>\u00a0 \u00a0 \u00a0<a href=\"https:\/\/youtu.be\/NltwE1pnmRQ\"><img loading=\"lazy\" decoding=\"async\" class=\" wp-image-32593\" src=\"https:\/\/www.afg.asso.fr\/app\/uploads\/2018\/09\/Assises_2018_Pinto-236x300.jpg\" alt=\"\" width=\"101\" height=\"128\" \/><\/a><\/li>\n<\/ul>\n<ul>\n<li><a href=\"https:\/\/youtu.be\/KXRPodfHurs\">S\u00e9quence 1 anim\u00e9e par <strong>Joseph Pinto<\/strong>, membre du Comit\u00e9 Strat\u00e9gique de l\u2019AFG : <strong>Importance de l\u2019\u00e9ducation financi\u00e8re<\/strong><\/a><\/li>\n<\/ul>\n<p><strong>Charles-Henri d\u2019Auvigny<\/strong>, Pr\u00e9sident de la F\u00e9d\u00e9ration des Investisseurs Individuels et des Clubs d\u2019investissement (F2iC)<br \/>\n<strong>B\u00e9atrice Belorgey<\/strong>, pr\u00e9sidente du club Gestion Priv\u00e9e de l\u2019AFG<br \/>\n<strong>Fabio Galli<\/strong>, Directeur G\u00e9n\u00e9ral de Assogestioni<br \/>\n<strong>Benoist Lombard<\/strong>, Pr\u00e9sident de la Chambre Nationale des Conseils en Gestion de Patrimoine (CNCGP)<br \/>\n<strong>Robert Oph\u00e8le<\/strong>, Pr\u00e9sident de l\u2019AMF<\/p>\n<ul style=\"list-style-type: square\">\n<li><a href=\"https:\/\/youtu.be\/X_bAf0-WxPU\">Intervention de\u00a0<strong>Robert Oph\u00e8le<\/strong>, Pr\u00e9sident de l\u2019AMF<\/a><\/li>\n<li><a href=\"https:\/\/youtu.be\/U5FqkcfZcgg\">Intervention de <strong>David Wright<\/strong>, Pr\u00e9sident d&rsquo;Eurofi\u00a0<\/a> \u00a0 \u00a0\u00a0<a href=\"https:\/\/youtu.be\/U5FqkcfZcgg\"><img loading=\"lazy\" decoding=\"async\" class=\"alignnone wp-image-32527\" src=\"https:\/\/www.afg.asso.fr\/app\/uploads\/2018\/09\/Assises_2018_DWright_4-253x300.png\" alt=\"\" width=\"96\" height=\"114\" \/><\/a><\/li>\n<\/ul>\n<ul>\n<li><a href=\"https:\/\/youtu.be\/vORXiIUiVRA\">S\u00e9quence 2 anim\u00e9e par <strong>Christophe Bavi\u00e8re<\/strong>, membre du Comit\u00e9 Strat\u00e9gique de l\u2019AFG : <strong><strong>L\u2019\u00e9pargne et l\u2019\u00e9conomie productive<\/strong><\/strong><\/a><\/li>\n<\/ul>\n<p><strong>Dominique Gaillard<\/strong>, Pr\u00e9sident de France Invest<br \/>\n<strong>Augustin de Romanet<\/strong>, Pr\u00e9sident de Paris Europlace<br \/>\n<strong>Matthias Seewald<\/strong>,\u00a0Directeur des investissements d\u2019Allianz France<br \/>\n<strong>Muriel de Szilbereky<\/strong>, D\u00e9l\u00e9gu\u00e9e G\u00e9n\u00e9rale de l\u2019Association Nationale des Soci\u00e9t\u00e9s par Actions (ANSA)<\/p>\n<ul style=\"list-style-type: square\">\n<li><a href=\"https:\/\/youtu.be\/1DnEadW9ZlY\">Intervention de <strong>Didier Kling<\/strong>, Pr\u00e9sident de la CCI de Paris Ile-de-France\u00a0 <\/a>\u00a0<a href=\"https:\/\/youtu.be\/1DnEadW9ZlY\"><img loading=\"lazy\" decoding=\"async\" class=\"alignnone wp-image-32526\" src=\"https:\/\/www.afg.asso.fr\/app\/uploads\/2018\/09\/Assises_2018_DKling_5-234x300.png\" alt=\"\" width=\"106\" height=\"136\" \/><\/a><\/li>\n<\/ul>\n<ul style=\"list-style-type: square\">\n<li><a href=\"https:\/\/youtu.be\/8C8VpFbXPUg\">Discours de cl\u00f4ture par <strong>Delphine G\u00e9ny-Stephann<\/strong>, secr\u00e9taire d\u2019Etat aupr\u00e8s du ministre de l\u2019Economie et des Finances<\/a><\/li>\n<\/ul>\n<ul>\n<li><a href=\"https:\/\/www.afg.asso.fr\/app\/uploads\/2018\/11\/Gestion_Info_nov_2018.pdf\">T\u00e9l\u00e9chargez le Gestion Info Num\u00e9ro Sp\u00e9cial Assises Europ\u00e9ennes de la Gestion \u2013\u00a0Novembre 2018<\/a><\/li>\n<\/ul>\n<p><a href=\"https:\/\/www.afg.asso.fr\/app\/uploads\/2018\/11\/Gestion_Info_nov_2018.pdf\"><img loading=\"lazy\" decoding=\"async\" class=\"alignnone size-medium wp-image-32974\" src=\"https:\/\/www.afg.asso.fr\/app\/uploads\/2018\/11\/Gestion-info-nov-2018-1-216x300.jpg\" alt=\"\" width=\"216\" height=\"300\" \/><\/a><\/p>\n","protected":false},"featured_media":99628,"template":"","thematics":[],"top_contenu":[],"class_list":["post-108266","event","type-event","status-publish","has-post-thumbnail","hentry"],"acf":[],"_links":{"self":[{"href":"https:\/\/www.afg.asso.fr\/fr\/wp-json\/wp\/v2\/event\/108266","targetHints":{"allow":["GET"]}}],"collection":[{"href":"https:\/\/www.afg.asso.fr\/fr\/wp-json\/wp\/v2\/event"}],"about":[{"href":"https:\/\/www.afg.asso.fr\/fr\/wp-json\/wp\/v2\/types\/event"}],"version-history":[{"count":0,"href":"https:\/\/www.afg.asso.fr\/fr\/wp-json\/wp\/v2\/event\/108266\/revisions"}],"wp:featuredmedia":[{"embeddable":true,"href":"https:\/\/www.afg.asso.fr\/fr\/wp-json\/wp\/v2\/media\/99628"}],"wp:attachment":[{"href":"https:\/\/www.afg.asso.fr\/fr\/wp-json\/wp\/v2\/media?parent=108266"}],"wp:term":[{"taxonomy":"thematics","embeddable":true,"href":"https:\/\/www.afg.asso.fr\/fr\/wp-json\/wp\/v2\/thematics?post=108266"},{"taxonomy":"top_contenu","embeddable":true,"href":"https:\/\/www.afg.asso.fr\/fr\/wp-json\/wp\/v2\/top_contenu?post=108266"}],"curies":[{"name":"wp","href":"https:\/\/api.w.org\/{rel}","templated":true}]}}