{"id":108098,"date":"2020-12-07T08:16:00","date_gmt":"2024-11-21T18:40:40","guid":{"rendered":"https:\/\/www.afg.asso.fr\/event\/afgs-european-conference-eu-asset-management-policy-time-to-get-geopolitical\/"},"modified":"2025-06-18T12:25:42","modified_gmt":"2025-06-18T10:25:42","slug":"afgs-european-conference-eu-asset-management-policy-time-to-get-geopolitical","status":"publish","type":"event","link":"https:\/\/www.afg.asso.fr\/en\/event\/afgs-european-conference-eu-asset-management-policy-time-to-get-geopolitical\/","title":{"rendered":"AFG&#8217;s european conference: EU asset management policy: time to get (geo)political?"},"content":{"rendered":"\n<p><\/p>\n\n\n\n<p>L\u2019AFG a organis\u00e9 le 7 d\u00e9cembre 2020 une <strong>nouvelle \u00e9dition de sa conf\u00e9rence europ\u00e9enne. <\/strong><\/p>\n\n\n\n<p>Plac\u00e9e sous le th\u00e8me<strong> \u00ab EU asset management policy: time to get (geo)political? \u00bb,<\/strong> elle a vu l\u2019intervention de plusieurs d\u00e9cideurs europ\u00e9ens de premier plan, notamment <strong>Mairead McGuinness,<\/strong> nouvelle Commissaire europ\u00e9enne charg\u00e9e des services financiers.<\/p>\n\n\n\n<p>Intervenants :<\/p>\n\n\n\n<ul class=\"wp-block-list\"><li><strong>Mirela Agache Durand,<\/strong> Vice-pr\u00e9sidente, AFG ;<\/li><li><strong>Mairead McGuinness,<\/strong>&nbsp;Commissaire charg\u00e9e des services financiers, de la stabilit\u00e9 financi\u00e8re et de l&#8217;Union des march\u00e9s financiers, Commission europ\u00e9enne ;<\/li><li><strong>Gabriela Figueiredo Dias<\/strong>, Pr\u00e9sidente, <em>Comiss\u00e3o do Mercado de Valores Mobili\u00e1rios<\/em> (Autorit\u00e9s des march\u00e9 des valeurs mobili\u00e8res portugaise) ;<\/li><li><strong>Sven Gentner,<\/strong> Chef d&#8217;unit\u00e9 gestion d&#8217;actifs, DG FISMA, Commission europ\u00e9enne ;<\/li><li><strong>Olivia Vayssette,<\/strong> pr\u00e9sidente de la Commission REI, AFG ;<\/li><li><strong>St\u00e9phanie Yon-Courtin<\/strong>, Vice-pr\u00e9sidente de la commission des affaires \u00e9conomiques et mon\u00e9taires, Parlement europ\u00e9en<\/li><li><strong>Eric Pinon<\/strong>, pr\u00e9sident de l&#8217;AFG<\/li><\/ul>\n","protected":false},"featured_media":110283,"template":"","thematics":[],"top_contenu":[],"class_list":["post-108098","event","type-event","status-publish","has-post-thumbnail","hentry"],"acf":[],"_links":{"self":[{"href":"https:\/\/www.afg.asso.fr\/en\/wp-json\/wp\/v2\/event\/108098","targetHints":{"allow":["GET"]}}],"collection":[{"href":"https:\/\/www.afg.asso.fr\/en\/wp-json\/wp\/v2\/event"}],"about":[{"href":"https:\/\/www.afg.asso.fr\/en\/wp-json\/wp\/v2\/types\/event"}],"version-history":[{"count":0,"href":"https:\/\/www.afg.asso.fr\/en\/wp-json\/wp\/v2\/event\/108098\/revisions"}],"wp:featuredmedia":[{"embeddable":true,"href":"https:\/\/www.afg.asso.fr\/en\/wp-json\/wp\/v2\/media\/110283"}],"wp:attachment":[{"href":"https:\/\/www.afg.asso.fr\/en\/wp-json\/wp\/v2\/media?parent=108098"}],"wp:term":[{"taxonomy":"thematics","embeddable":true,"href":"https:\/\/www.afg.asso.fr\/en\/wp-json\/wp\/v2\/thematics?post=108098"},{"taxonomy":"top_contenu","embeddable":true,"href":"https:\/\/www.afg.asso.fr\/en\/wp-json\/wp\/v2\/top_contenu?post=108098"}],"curies":[{"name":"wp","href":"https:\/\/api.w.org\/{rel}","templated":true}]}}